{"id":15,"date":"2018-09-09T22:58:41","date_gmt":"2018-09-09T20:58:41","guid":{"rendered":"https:\/\/kfc-koeln.de\/?page_id=15"},"modified":"2025-08-19T18:37:29","modified_gmt":"2025-08-19T16:37:29","slug":"der-verein","status":"publish","type":"page","link":"https:\/\/kfc-koeln.de\/","title":{"rendered":"Der Verein"},"content":{"rendered":"<p><div class=\"fusion-fullwidth fullwidth-box fusion-builder-row-1 fusion-flex-container nonhundred-percent-fullwidth non-hundred-percent-height-scrolling\" style=\"--awb-border-radius-top-left:0px;--awb-border-radius-top-right:0px;--awb-border-radius-bottom-right:0px;--awb-border-radius-bottom-left:0px;--awb-padding-top:80px;--awb-padding-bottom:80px;--awb-flex-wrap:wrap;\" ><div class=\"fusion-builder-row fusion-row fusion-flex-align-items-stretch fusion-flex-content-wrap\" style=\"max-width:1144px;margin-left: calc(-4% \/ 2 );margin-right: calc(-4% \/ 2 );\"><div class=\"fusion-layout-column fusion_builder_column fusion-builder-column-0 fusion_builder_column_1_2 1_2 fusion-flex-column fusion-column-inner-bg-wrapper\" style=\"--awb-inner-bg-position:center center;--awb-inner-bg-size:cover;--awb-width-large:50%;--awb-margin-top-large:0px;--awb-spacing-right-large:3.84%;--awb-margin-bottom-large:20px;--awb-spacing-left-large:3.84%;--awb-width-medium:100%;--awb-order-medium:0;--awb-spacing-right-medium:1.92%;--awb-spacing-left-medium:1.92%;--awb-width-small:100%;--awb-order-small:0;--awb-spacing-right-small:1.92%;--awb-spacing-left-small:1.92%;\"><span class=\"fusion-column-inner-bg hover-type-zoomin\"><span class=\"fusion-column-anchor\"><span class=\"fusion-column-inner-bg-image lazyload\" data-bg=\"https:\/\/kfc-koeln.de\/wp-content\/uploads\/2021\/05\/Karibu_vor_Dom.jpg\"><\/span><\/span><\/span><div class=\"fusion-column-wrapper fusion-column-has-shadow fusion-flex-justify-content-flex-start fusion-content-layout-column fusion-empty-column-bg-image fusion-column-has-bg-image\" data-bg-url=\"https:\/\/kfc-koeln.de\/wp-content\/uploads\/2021\/05\/Karibu_vor_Dom.jpg\"><img decoding=\"async\" class=\"fusion-empty-dims-img-placeholder fusion-no-large-visibility\" aria-label=\"Karibu_vor_Dom\" src=\"data:image\/svg+xml,%3Csvg%20xmlns%3D%27http%3A%2F%2Fwww.w3.org%2F2000%2Fsvg%27%20width%3D%27800%27%20height%3D%27450%27%20viewBox%3D%270%200%20800%20450%27%3E%3Crect%20width%3D%27800%27%20height%3D%27450%27%20fill-opacity%3D%220%22%2F%3E%3C%2Fsvg%3E\"><\/div><\/div><div class=\"fusion-layout-column fusion_builder_column fusion-builder-column-1 fusion_builder_column_1_2 1_2 fusion-flex-column\" style=\"--awb-bg-blend:overlay;--awb-bg-size:cover;--awb-width-large:50%;--awb-margin-top-large:0px;--awb-spacing-right-large:3.84%;--awb-margin-bottom-large:20px;--awb-spacing-left-large:3.84%;--awb-width-medium:100%;--awb-spacing-right-medium:1.92%;--awb-spacing-left-medium:1.92%;--awb-width-small:100%;--awb-spacing-right-small:1.92%;--awb-spacing-left-small:1.92%;\"><div class=\"fusion-column-wrapper fusion-flex-justify-content-flex-start fusion-content-layout-column\"><div class=\"fusion-text fusion-text-1\"><h2>Der Verein<\/h2>\n<p class=\"copy\">Der K\u00f6lner Faltboot-Club e<span id=\"u2225-4\">.<\/span>V. ist ein Kanuverein in K\u00f6ln-Rodenkirchen mit zur Zeit 56 Mitgliedern. Wir sind Mitglied im Deutschen Kanu-Verband e.V., Kanu-Verband NRW e.V. Bezirk 4 K\u00f6ln-Bonn-Aachen und im Wassersportzentrum S\u00fcd.<br \/>\nWir m\u00f6chten gesellige, naturverbundene Menschen f\u00fcr unseren sch\u00f6nen Sport begeistern. F\u00fcr Familien mit Kindern ist unser Verein besonders attraktiv.<\/p>\n<p class=\"copy\">Gerade der Kanu-Wandersport erm\u00f6glicht in hohem Ma\u00dfe das Gef\u00fchl von Naturverbundenheit, erfordert aber auch verantwortungsbewusstes Verhalten bei der Aus\u00fcbung des Sports, besonders im Hinblick auf die Belange des Naturschutzes.<br \/>\nDies zu vermitteln, ist uns ein wichtiges Anliegen.<\/p>\n<\/div><\/div><\/div><\/div><\/div><div class=\"fusion-fullwidth fullwidth-box fusion-builder-row-2 fusion-flex-container nonhundred-percent-fullwidth non-hundred-percent-height-scrolling\" style=\"--awb-border-radius-top-left:0px;--awb-border-radius-top-right:0px;--awb-border-radius-bottom-right:0px;--awb-border-radius-bottom-left:0px;--awb-padding-top:80px;--awb-padding-bottom:80px;--awb-background-color:#f0f0f5;--awb-flex-wrap:wrap;\" ><div class=\"fusion-builder-row fusion-row fusion-flex-align-items-flex-start fusion-flex-content-wrap\" style=\"max-width:1144px;margin-left: calc(-4% \/ 2 );margin-right: calc(-4% \/ 2 );\"><div class=\"fusion-layout-column fusion_builder_column fusion-builder-column-2 fusion_builder_column_1_2 1_2 fusion-flex-column\" style=\"--awb-bg-blend:overlay;--awb-bg-size:cover;--awb-width-large:50%;--awb-margin-top-large:0px;--awb-spacing-right-large:3.84%;--awb-margin-bottom-large:20px;--awb-spacing-left-large:3.84%;--awb-width-medium:100%;--awb-spacing-right-medium:1.92%;--awb-spacing-left-medium:1.92%;--awb-width-small:100%;--awb-spacing-right-small:1.92%;--awb-spacing-left-small:1.92%;\"><div class=\"fusion-column-wrapper fusion-flex-justify-content-flex-start fusion-content-layout-column\"><div class=\"fusion-text fusion-text-2\"><h2 class=\"sub\"><span style=\"color: #0b1197;\">Die gute alte Faltbootzeit<\/span><\/h2>\n<p>Auch wenn der Vereinsname \u201eK\u00f6lner Faltboot-Club\u201c anderes vermuten l\u00e4sst,\u00a0\u00fcben wir unseren Sport heute \u00fcberwiegend in modernen Kunststoffbooten aus.<br \/>\nTrotzdem blicken wir stolz auf unsere 95-j\u00e4hrige Vereinsgeschichte und unsere traditionellen Wurzeln in der guten alten Faltbootzeit zur\u00fcck.<\/p>\n<\/div><\/div><\/div><div class=\"fusion-layout-column fusion_builder_column fusion-builder-column-3 fusion_builder_column_1_2 1_2 fusion-flex-column fusion-column-inner-bg-wrapper\" style=\"--awb-inner-bg-position:center center;--awb-inner-bg-blend:overlay;--awb-inner-bg-size:cover;--awb-width-large:50%;--awb-margin-top-large:0px;--awb-spacing-right-large:3.84%;--awb-margin-bottom-large:20px;--awb-spacing-left-large:3.84%;--awb-width-medium:100%;--awb-spacing-right-medium:1.92%;--awb-spacing-left-medium:1.92%;--awb-width-small:100%;--awb-spacing-right-small:1.92%;--awb-spacing-left-small:1.92%;\"><span class=\"fusion-column-inner-bg hover-type-zoomin\"><span class=\"fusion-column-anchor\"><span class=\"fusion-column-inner-bg-image lazyload\" data-bg=\"https:\/\/kfc-koeln.de\/wp-content\/uploads\/2018\/09\/Tarn-1960.jpg\"><\/span><\/span><\/span><div class=\"fusion-column-wrapper fusion-flex-justify-content-flex-start fusion-content-layout-column fusion-empty-column-bg-image fusion-column-has-bg-image\" data-bg-url=\"https:\/\/kfc-koeln.de\/wp-content\/uploads\/2018\/09\/Tarn-1960.jpg\"><img decoding=\"async\" class=\"fusion-empty-dims-img-placeholder\" alt=\"Auf dem Tarn in Frankreich\" aria-label=\"Tarn-1960\" src=\"data:image\/svg+xml,%3Csvg%20xmlns%3D%27http%3A%2F%2Fwww.w3.org%2F2000%2Fsvg%27%20width%3D%27634%27%20height%3D%27438%27%20viewBox%3D%270%200%20634%20438%27%3E%3Crect%20width%3D%27634%27%20height%3D%27438%27%20fill-opacity%3D%220%22%2F%3E%3C%2Fsvg%3E\"><\/div><\/div><\/div><\/div><div class=\"fusion-fullwidth fullwidth-box fusion-builder-row-3 fusion-flex-container nonhundred-percent-fullwidth non-hundred-percent-height-scrolling\" style=\"--awb-border-radius-top-left:0px;--awb-border-radius-top-right:0px;--awb-border-radius-bottom-right:0px;--awb-border-radius-bottom-left:0px;--awb-padding-top:66px;--awb-padding-bottom:80px;--awb-flex-wrap:wrap;\" ><div class=\"fusion-builder-row fusion-row fusion-flex-align-items-flex-start fusion-flex-content-wrap\" style=\"max-width:1144px;margin-left: calc(-4% \/ 2 );margin-right: calc(-4% \/ 2 );\"><div class=\"fusion-layout-column fusion_builder_column fusion-builder-column-4 fusion_builder_column_1_2 1_2 fusion-flex-column fusion-column-inner-bg-wrapper\" style=\"--awb-inner-bg-position:center center;--awb-inner-bg-blend:overlay;--awb-inner-bg-size:cover;--awb-width-large:50%;--awb-margin-top-large:0px;--awb-spacing-right-large:3.84%;--awb-margin-bottom-large:20px;--awb-spacing-left-large:3.84%;--awb-width-medium:100%;--awb-spacing-right-medium:1.92%;--awb-spacing-left-medium:1.92%;--awb-width-small:100%;--awb-spacing-right-small:1.92%;--awb-spacing-left-small:1.92%;\"><span class=\"fusion-column-inner-bg hover-type-zoomin\"><span class=\"fusion-column-anchor\"><span class=\"fusion-column-inner-bg-image lazyload\" data-bg=\"https:\/\/kfc-koeln.de\/wp-content\/uploads\/2018\/09\/imm004_5.jpg\"><\/span><\/span><\/span><div class=\"fusion-column-wrapper fusion-flex-justify-content-flex-start fusion-content-layout-column fusion-empty-column-bg-image fusion-column-has-bg-image\" data-bg-url=\"https:\/\/kfc-koeln.de\/wp-content\/uploads\/2018\/09\/imm004_5.jpg\"><img decoding=\"async\" class=\"fusion-empty-dims-img-placeholder\" alt=\"Wanderfahrt in Belgien\" aria-label=\"imm004_5\" src=\"data:image\/svg+xml,%3Csvg%20xmlns%3D%27http%3A%2F%2Fwww.w3.org%2F2000%2Fsvg%27%20width%3D%271536%27%20height%3D%271024%27%20viewBox%3D%270%200%201536%201024%27%3E%3Crect%20width%3D%271536%27%20height%3D%271024%27%20fill-opacity%3D%220%22%2F%3E%3C%2Fsvg%3E\"><\/div><\/div><div class=\"fusion-layout-column fusion_builder_column fusion-builder-column-5 fusion_builder_column_1_2 1_2 fusion-flex-column\" style=\"--awb-bg-blend:overlay;--awb-bg-size:cover;--awb-width-large:50%;--awb-margin-top-large:0px;--awb-spacing-right-large:3.84%;--awb-margin-bottom-large:20px;--awb-spacing-left-large:3.84%;--awb-width-medium:100%;--awb-spacing-right-medium:1.92%;--awb-spacing-left-medium:1.92%;--awb-width-small:100%;--awb-spacing-right-small:1.92%;--awb-spacing-left-small:1.92%;\"><div class=\"fusion-column-wrapper fusion-flex-justify-content-flex-start fusion-content-layout-column\"><div class=\"fusion-text fusion-text-3\"><h2 class=\"sub\">Geselliges Vereinsleben<\/h2>\n<p class=\"copy\">Heute sind wir ein Zusammenschluss von Individualisten, die das gemeinsame sportliche Interesse verbindet, das insbesondere vom Geschehen auf unserem sch\u00f6nen Vereinsgel\u00e4nde und gemeinsamen Kanufahrten gepr\u00e4gt wird.<\/p>\n<p class=\"copy\">Eine Mitgliederstruktur, die alle Altersklassen aufweist und Familien mit Kindern\u00a0sind der Grund f\u00fcr unser dynamisches, geselliges Vereinsleben<\/p>\n<\/div><\/div><\/div><\/div><\/div><div class=\"fusion-fullwidth fullwidth-box fusion-builder-row-4 fusion-flex-container nonhundred-percent-fullwidth non-hundred-percent-height-scrolling\" style=\"--awb-border-radius-top-left:0px;--awb-border-radius-top-right:0px;--awb-border-radius-bottom-right:0px;--awb-border-radius-bottom-left:0px;--awb-padding-top:80px;--awb-padding-bottom:80px;--awb-background-color:#f0f0f5;--awb-flex-wrap:wrap;\" ><div class=\"fusion-builder-row fusion-row fusion-flex-align-items-flex-start fusion-flex-content-wrap\" style=\"max-width:1144px;margin-left: calc(-4% \/ 2 );margin-right: calc(-4% \/ 2 );\"><div class=\"fusion-layout-column fusion_builder_column fusion-builder-column-6 fusion_builder_column_1_2 1_2 fusion-flex-column\" style=\"--awb-bg-blend:overlay;--awb-bg-size:cover;--awb-width-large:50%;--awb-margin-top-large:0px;--awb-spacing-right-large:3.84%;--awb-margin-bottom-large:20px;--awb-spacing-left-large:3.84%;--awb-width-medium:100%;--awb-spacing-right-medium:1.92%;--awb-spacing-left-medium:1.92%;--awb-width-small:100%;--awb-spacing-right-small:1.92%;--awb-spacing-left-small:1.92%;\"><div class=\"fusion-column-wrapper fusion-flex-justify-content-flex-start fusion-content-layout-column\"><div class=\"fusion-text fusion-text-4\"><h2 class=\"sub fusion-responsive-typography-calculated\" style=\"--fontsize: 22; line-height: 1.5; --minfontsize: 22;\" data-fontsize=\"22\" data-lineheight=\"33px\"><span style=\"color: #0b1197;\">Die Vereinsboote<\/span><\/h2>\n<div id=\"pu6540-3\" class=\"clearfix grpelem\">\n<div id=\"u2264-8\" class=\"clearfix grpelem\" data-muse-uid=\"U2264\" data-muse-type=\"txt_frame\">\n<p class=\"copy\">Obwohl der KFC kein eigenes Bootshaus besitzt, k\u00f6nnen Kajaks oder Canadier in der Saison in einem Bootsschuppen aufbewahrt werden. Dort sind auch unsere Vereinsboote untergebracht, die ein breites Spektrum verschiedener Bootstypen abdecken. Eine Sanit\u00e4ranlage mit Umkleide- und Duschm\u00f6glichkeiten ist ebenfalls vorhanden.<\/p>\n<\/div>\n<\/div>\n<\/div><\/div><\/div><div class=\"fusion-layout-column fusion_builder_column fusion-builder-column-7 fusion_builder_column_1_2 1_2 fusion-flex-column fusion-column-inner-bg-wrapper\" style=\"--awb-inner-bg-position:center center;--awb-inner-bg-blend:overlay;--awb-inner-bg-size:cover;--awb-width-large:50%;--awb-margin-top-large:0px;--awb-spacing-right-large:3.84%;--awb-margin-bottom-large:20px;--awb-spacing-left-large:3.84%;--awb-width-medium:100%;--awb-spacing-right-medium:1.92%;--awb-spacing-left-medium:1.92%;--awb-width-small:100%;--awb-spacing-right-small:1.92%;--awb-spacing-left-small:1.92%;\"><span class=\"fusion-column-inner-bg hover-type-zoomin\"><span class=\"fusion-column-anchor\"><span class=\"fusion-column-inner-bg-image lazyload\" data-bg=\"https:\/\/kfc-koeln.de\/wp-content\/uploads\/2018\/09\/KFC-bei-Pause.jpg\"><\/span><\/span><\/span><div class=\"fusion-column-wrapper fusion-flex-justify-content-flex-start fusion-content-layout-column fusion-empty-column-bg-image fusion-column-has-bg-image\" data-bg-url=\"https:\/\/kfc-koeln.de\/wp-content\/uploads\/2018\/09\/KFC-bei-Pause.jpg\"><img decoding=\"async\" class=\"fusion-empty-dims-img-placeholder\" alt=\"Vereinsboote\" aria-label=\"KFC-bei-Pause\" src=\"data:image\/svg+xml,%3Csvg%20xmlns%3D%27http%3A%2F%2Fwww.w3.org%2F2000%2Fsvg%27%20width%3D%27844%27%20height%3D%27564%27%20viewBox%3D%270%200%20844%20564%27%3E%3Crect%20width%3D%27844%27%20height%3D%27564%27%20fill-opacity%3D%220%22%2F%3E%3C%2Fsvg%3E\"><\/div><\/div><\/div><\/div><div class=\"fusion-fullwidth fullwidth-box fusion-builder-row-5 fusion-flex-container nonhundred-percent-fullwidth non-hundred-percent-height-scrolling\" style=\"--awb-border-radius-top-left:0px;--awb-border-radius-top-right:0px;--awb-border-radius-bottom-right:0px;--awb-border-radius-bottom-left:0px;--awb-padding-top:80px;--awb-padding-bottom:80px;--awb-flex-wrap:wrap;\" ><div class=\"fusion-builder-row fusion-row fusion-flex-align-items-flex-start fusion-flex-content-wrap\" style=\"max-width:1144px;margin-left: calc(-4% \/ 2 );margin-right: calc(-4% \/ 2 );\"><div class=\"fusion-layout-column fusion_builder_column fusion-builder-column-8 fusion_builder_column_1_2 1_2 fusion-flex-column\" style=\"--awb-bg-blend:overlay;--awb-bg-size:cover;--awb-width-large:50%;--awb-margin-top-large:0px;--awb-spacing-right-large:3.84%;--awb-margin-bottom-large:20px;--awb-spacing-left-large:3.84%;--awb-width-medium:100%;--awb-spacing-right-medium:1.92%;--awb-spacing-left-medium:1.92%;--awb-width-small:100%;--awb-spacing-right-small:1.92%;--awb-spacing-left-small:1.92%;\"><div class=\"fusion-column-wrapper fusion-flex-justify-content-flex-start fusion-content-layout-column\"><div class=\"fusion-text fusion-text-5\"><h2 class=\"sub\">Wir freuen uns auf Sie<\/h2>\n<p class=\"copy\">Jeder Verein lebt durch seine Mitglieder. Gerade in einer kleinen Gemeinschaft, wie der unseren, sind eine freundschaftliche und pers\u00f6nliche Atmosph\u00e4re von besonderer Bedeutung. Familien mit Kindern f\u00fchlen sich besonders wohl bei uns. Aber auch Singles oder Paare finden schnell Kontakt zu Gleichgesinnten. Trotz der Geselligkeit in der Gemeinschaft sind Individualit\u00e4t und\u00a0 Vielfalt wichtig f\u00fcr uns.<\/p>\n<p class=\"copy\">Menschen, die Interesse daran haben, ihre Freizeit auf dem sch\u00f6nen, stadtnah gelegenen Vereinsgel\u00e4nde des KFCs zu verbringen, sind bei uns genau richtig. Von dort aus starten die sportlichen Aktivit\u00e4ten \u2013 seien es Kajak- oder Canadierfahrten, Fahrradtouren, Joggen oder Walken. Volleyball und Tischtennis k\u00f6nnen auch gespielt werden.<\/p>\n<\/div><\/div><\/div><div class=\"fusion-layout-column fusion_builder_column fusion-builder-column-9 fusion_builder_column_1_2 1_2 fusion-flex-column\" style=\"--awb-bg-blend:overlay;--awb-bg-size:cover;--awb-border-color:#e0e0e0;--awb-border-top:0;--awb-border-right:0;--awb-border-bottom:0;--awb-border-left:0;--awb-border-style:solid;--awb-width-large:50%;--awb-margin-top-large:0px;--awb-spacing-right-large:3.84%;--awb-margin-bottom-large:0px;--awb-spacing-left-large:3.84%;--awb-width-medium:100%;--awb-spacing-right-medium:1.92%;--awb-spacing-left-medium:1.92%;--awb-width-small:100%;--awb-spacing-right-small:1.92%;--awb-spacing-left-small:1.92%;\"><div class=\"fusion-column-wrapper fusion-flex-justify-content-flex-start fusion-content-layout-column\"><div class=\"fusion-content-boxes content-boxes columns row fusion-columns-1 fusion-columns-total-0 fusion-content-boxes-1 content-boxes-icon-on-side content-left\" style=\"--awb-title-color:var(--awb-color7);--awb-margin-bottom:0px;--awb-hover-accent-color:#0b1197;--awb-circle-hover-accent-color:#0b1197;--awb-item-margin-bottom:40px;\" data-animationOffset=\"top-into-view\"><div class=\"fusion-clearfix\"><\/div><\/div><\/div><\/div><\/div><\/div><\/p>\n","protected":false},"excerpt":{"rendered":"","protected":false},"author":1,"featured_media":0,"parent":0,"menu_order":0,"comment_status":"closed","ping_status":"closed","template":"100-width.php","meta":{"footnotes":""},"class_list":["post-15","page","type-page","status-publish","hentry"],"yoast_head":"<!-- This site is optimized with the Yoast SEO plugin v27.4 - https:\/\/yoast.com\/product\/yoast-seo-wordpress\/ -->\n<title>Der Verein - K\u00f6lner Faltboot-Club e.V.<\/title>\n<meta name=\"robots\" content=\"index, follow, max-snippet:-1, max-image-preview:large, max-video-preview:-1\" \/>\n<link rel=\"canonical\" href=\"https:\/\/kfc-koeln.de\/\" \/>\n<meta property=\"og:locale\" content=\"de_DE\" \/>\n<meta property=\"og:type\" content=\"article\" \/>\n<meta property=\"og:title\" content=\"Der Verein - K\u00f6lner Faltboot-Club e.V.\" \/>\n<meta property=\"og:url\" content=\"https:\/\/kfc-koeln.de\/\" \/>\n<meta property=\"og:site_name\" content=\"K\u00f6lner Faltboot-Club e.V.\" \/>\n<meta property=\"article:modified_time\" content=\"2025-08-19T16:37:29+00:00\" \/>\n<meta name=\"twitter:card\" content=\"summary_large_image\" \/>\n<meta name=\"twitter:label1\" content=\"Gesch\u00e4tzte Lesezeit\" \/>\n\t<meta name=\"twitter:data1\" content=\"3\u00a0Minuten\" \/>\n<script type=\"application\/ld+json\" class=\"yoast-schema-graph\">{\"@context\":\"https:\\\/\\\/schema.org\",\"@graph\":[{\"@type\":\"WebPage\",\"@id\":\"https:\\\/\\\/kfc-koeln.de\\\/\",\"url\":\"https:\\\/\\\/kfc-koeln.de\\\/\",\"name\":\"Der Verein - K\u00f6lner Faltboot-Club e.V.\",\"isPartOf\":{\"@id\":\"https:\\\/\\\/kfc-koeln.de\\\/#website\"},\"datePublished\":\"2018-09-09T20:58:41+00:00\",\"dateModified\":\"2025-08-19T16:37:29+00:00\",\"breadcrumb\":{\"@id\":\"https:\\\/\\\/kfc-koeln.de\\\/#breadcrumb\"},\"inLanguage\":\"de\",\"potentialAction\":[{\"@type\":\"ReadAction\",\"target\":[\"https:\\\/\\\/kfc-koeln.de\\\/\"]}]},{\"@type\":\"BreadcrumbList\",\"@id\":\"https:\\\/\\\/kfc-koeln.de\\\/#breadcrumb\",\"itemListElement\":[{\"@type\":\"ListItem\",\"position\":1,\"name\":\"Home\",\"item\":\"https:\\\/\\\/kfc-koeln.de\\\/\"},{\"@type\":\"ListItem\",\"position\":2,\"name\":\"Der Verein\"}]},{\"@type\":\"WebSite\",\"@id\":\"https:\\\/\\\/kfc-koeln.de\\\/#website\",\"url\":\"https:\\\/\\\/kfc-koeln.de\\\/\",\"name\":\"KFC\",\"description\":\"\",\"potentialAction\":[{\"@type\":\"SearchAction\",\"target\":{\"@type\":\"EntryPoint\",\"urlTemplate\":\"https:\\\/\\\/kfc-koeln.de\\\/?s={search_term_string}\"},\"query-input\":{\"@type\":\"PropertyValueSpecification\",\"valueRequired\":true,\"valueName\":\"search_term_string\"}}],\"inLanguage\":\"de\"}]}<\/script>\n<!-- \/ Yoast SEO plugin. -->","yoast_head_json":{"title":"Der Verein - K\u00f6lner Faltboot-Club e.V.","robots":{"index":"index","follow":"follow","max-snippet":"max-snippet:-1","max-image-preview":"max-image-preview:large","max-video-preview":"max-video-preview:-1"},"canonical":"https:\/\/kfc-koeln.de\/","og_locale":"de_DE","og_type":"article","og_title":"Der Verein - K\u00f6lner Faltboot-Club e.V.","og_url":"https:\/\/kfc-koeln.de\/","og_site_name":"K\u00f6lner Faltboot-Club e.V.","article_modified_time":"2025-08-19T16:37:29+00:00","twitter_card":"summary_large_image","twitter_misc":{"Gesch\u00e4tzte Lesezeit":"3\u00a0Minuten"},"schema":{"@context":"https:\/\/schema.org","@graph":[{"@type":"WebPage","@id":"https:\/\/kfc-koeln.de\/","url":"https:\/\/kfc-koeln.de\/","name":"Der Verein - K\u00f6lner Faltboot-Club e.V.","isPartOf":{"@id":"https:\/\/kfc-koeln.de\/#website"},"datePublished":"2018-09-09T20:58:41+00:00","dateModified":"2025-08-19T16:37:29+00:00","breadcrumb":{"@id":"https:\/\/kfc-koeln.de\/#breadcrumb"},"inLanguage":"de","potentialAction":[{"@type":"ReadAction","target":["https:\/\/kfc-koeln.de\/"]}]},{"@type":"BreadcrumbList","@id":"https:\/\/kfc-koeln.de\/#breadcrumb","itemListElement":[{"@type":"ListItem","position":1,"name":"Home","item":"https:\/\/kfc-koeln.de\/"},{"@type":"ListItem","position":2,"name":"Der Verein"}]},{"@type":"WebSite","@id":"https:\/\/kfc-koeln.de\/#website","url":"https:\/\/kfc-koeln.de\/","name":"KFC","description":"","potentialAction":[{"@type":"SearchAction","target":{"@type":"EntryPoint","urlTemplate":"https:\/\/kfc-koeln.de\/?s={search_term_string}"},"query-input":{"@type":"PropertyValueSpecification","valueRequired":true,"valueName":"search_term_string"}}],"inLanguage":"de"}]}},"_links":{"self":[{"href":"https:\/\/kfc-koeln.de\/index.php\/wp-json\/wp\/v2\/pages\/15","targetHints":{"allow":["GET"]}}],"collection":[{"href":"https:\/\/kfc-koeln.de\/index.php\/wp-json\/wp\/v2\/pages"}],"about":[{"href":"https:\/\/kfc-koeln.de\/index.php\/wp-json\/wp\/v2\/types\/page"}],"author":[{"embeddable":true,"href":"https:\/\/kfc-koeln.de\/index.php\/wp-json\/wp\/v2\/users\/1"}],"replies":[{"embeddable":true,"href":"https:\/\/kfc-koeln.de\/index.php\/wp-json\/wp\/v2\/comments?post=15"}],"version-history":[{"count":5,"href":"https:\/\/kfc-koeln.de\/index.php\/wp-json\/wp\/v2\/pages\/15\/revisions"}],"predecessor-version":[{"id":288,"href":"https:\/\/kfc-koeln.de\/index.php\/wp-json\/wp\/v2\/pages\/15\/revisions\/288"}],"wp:attachment":[{"href":"https:\/\/kfc-koeln.de\/index.php\/wp-json\/wp\/v2\/media?parent=15"}],"curies":[{"name":"wp","href":"https:\/\/api.w.org\/{rel}","templated":true}]}}