{"id":139,"date":"2019-01-20T13:16:57","date_gmt":"2019-01-20T12:16:57","guid":{"rendered":"https:\/\/kfc-koeln.de\/?page_id=139"},"modified":"2025-06-18T15:40:34","modified_gmt":"2025-06-18T13:40:34","slug":"impressum","status":"publish","type":"page","link":"https:\/\/kfc-koeln.de\/index.php\/impressum\/","title":{"rendered":"Impressum"},"content":{"rendered":"<div class=\"fusion-fullwidth fullwidth-box fusion-builder-row-1 fusion-flex-container nonhundred-percent-fullwidth non-hundred-percent-height-scrolling\" style=\"--awb-border-radius-top-left:0px;--awb-border-radius-top-right:0px;--awb-border-radius-bottom-right:0px;--awb-border-radius-bottom-left:0px;--awb-flex-wrap:wrap;\" ><div class=\"fusion-builder-row fusion-row fusion-flex-align-items-flex-start fusion-flex-content-wrap\" style=\"max-width:1144px;margin-left: calc(-4% \/ 2 );margin-right: calc(-4% \/ 2 );\"><div class=\"fusion-layout-column fusion_builder_column fusion-builder-column-0 fusion_builder_column_3_4 3_4 fusion-flex-column\" style=\"--awb-bg-size:cover;--awb-width-large:75%;--awb-margin-top-large:0px;--awb-spacing-right-large:3.84%;--awb-margin-bottom-large:20px;--awb-spacing-left-large:2.56%;--awb-width-medium:100%;--awb-spacing-right-medium:1.92%;--awb-spacing-left-medium:1.92%;--awb-width-small:100%;--awb-spacing-right-small:1.92%;--awb-spacing-left-small:1.92%;\"><div class=\"fusion-column-wrapper fusion-flex-justify-content-flex-start fusion-content-layout-column\"><div class=\"fusion-text fusion-text-1\"><h2>Vertretungsberechtigter Vorstand:<\/h2>\n<p>1. Vorsitzende: Astrid D\u00fcnnwald-Schmitz<br \/>\n2. Vorsitzender: Marcel Heller<br \/>\nRegistergericht: Amtsgericht K\u00f6ln<br \/>\nRegisternummer: VR 4423<\/p>\n<p>Inhaltlich Verantwortlicher gem\u00e4\u00df \u00a7 55 Absatz 2 RStV: Astrid D\u00fcnnwald-Schmitz<\/p>\n<h3>Haftungshinweis:<\/h3>\n<p><strong>Inhalt der Internetpr\u00e4senz<\/strong><br \/>\nDer K\u00f6lner Faltboot-Club e.V. \u00fcbernimmt keinerlei Gew\u00e4hr f\u00fcr die Aktualit\u00e4t und Vollst\u00e4ndigkeit der bereitgestellten Informationen. Haftungsanspr\u00fcche gegen den K\u00f6lner Faltboot-Club e.V., welche sich auf Sch\u00e4den materieller oder ideeller Art beziehen, die durch die Nutzung der dargebotenen Informationen bzw. durch die Nutzung fehlerhafter und unvollst\u00e4ndiger Informationen verursacht wurden sind grunds\u00e4tzlich ausgeschlossen.<\/p>\n<p>Alle Angebote sind freibleibend und unverbindlich. Der K\u00f6lner Faltboot-Club e.V. beh\u00e4lt es sich ausdr\u00fccklich vor, Teile der Seiten oder das gesamte Angebot ohne gesonderte Ank\u00fcndigung zu ver\u00e4ndern.<\/p>\n<p>Bei direkten oder indirekten Verweisen auf fremde Internetseiten (&#8222;Links&#8220;) waren diese zum Zeitpunkt der Linksetzung frei von illegalen Inhalten. Der Verein K\u00f6lner Faltboot-Club e.V. hat keinerlei Einfluss auf die aktuelle und zuk\u00fcnftige Gestaltung und auf die Inhalte der gelinkten\/verkn\u00fcpften Seiten. Deshalb distanziert er sich hiermit ausdr\u00fccklich von allen Inhalten aller gelinkten\/verkn\u00fcpften Seiten, die nach der Linksetzung ver\u00e4ndert wurden. F\u00fcr illegale, fehlerhafte oder unvollst\u00e4ndige Inhalte und insbesondere f\u00fcr Sch\u00e4den, die aus der Nutzung oder Nichtnutzung solcherart dargebotener Informationen entstehen, haftet allein der Anbieter der Seite, auf welche verwiesen wurde, nicht derjenige, der \u00fcber Links auf die jeweilige Ver\u00f6ffentlichung lediglich verweist.<\/p>\n<h3>Copyright:<\/h3>\n<p>F\u00fcr namentlich gekennzeichnete Artikel ist der K\u00f6lner Faltboot-Club e.V. nicht verantwortlich. Alle Teile dieser Seite (Inhalte, Texte, Fotos, Grafiken etc.) sind urheberrechtlich gesch\u00fctzt und d\u00fcrfen nur mit Zustimmung der jeweiligen Autoren verwendet werden.<\/p>\n<h3>Screendesign:<\/h3>\n<p>Carsten Peters<\/p>\n<h3>Fotos:<\/h3>\n<p>J. L\u00fcdtke, R. Breitenbach, Fam. Gottschalk, unsplash.com, pixabay.com, AdobeStock und Patrick Schmitter<\/p>\n<\/div><\/div><\/div><div class=\"fusion-layout-column fusion_builder_column fusion-builder-column-1 fusion_builder_column_1_4 1_4 fusion-flex-column\" style=\"--awb-bg-size:cover;--awb-width-large:25%;--awb-margin-top-large:0px;--awb-spacing-right-large:7.68%;--awb-margin-bottom-large:20px;--awb-spacing-left-large:3.84%;--awb-width-medium:100%;--awb-spacing-right-medium:1.92%;--awb-spacing-left-medium:1.92%;--awb-width-small:100%;--awb-spacing-right-small:1.92%;--awb-spacing-left-small:1.92%;\"><div class=\"fusion-column-wrapper fusion-flex-justify-content-flex-start fusion-content-layout-column\"><div class=\"fusion-text fusion-text-2\"><h2>Eigent\u00fcmer der Internetpr\u00e4senz<\/h2>\n<p>K\u00f6lner Faltboot-Club e.V. (KFC)<br \/>gegr\u00fcndet 1930<\/p>\n<h3>Gesch\u00e4ftsstelle:<\/h3>\n<p>Astrid D\u00fcnnwald-Schmitz<br \/>Follerstra\u00dfe 87<br \/>50676 K\u00f6ln<br \/>Tel.: +49(0)157 71150298<br \/>Internet: www.kfc-koeln.de<\/p>\n<h3>Vereinsgel\u00e4nde:<\/h3>\n<p>K\u00f6lner Faltboot-Club e.V.<br \/>Uferstra\u00dfe 83<br \/>50996 K\u00f6ln-Rodenkirchen<\/p>\n<\/div><\/div><\/div><\/div><\/div>\n","protected":false},"excerpt":{"rendered":"","protected":false},"author":1,"featured_media":0,"parent":0,"menu_order":0,"comment_status":"closed","ping_status":"closed","template":"","meta":{"footnotes":""},"class_list":["post-139","page","type-page","status-publish","hentry"],"yoast_head":"<!-- This site is optimized with the Yoast SEO plugin v27.4 - https:\/\/yoast.com\/product\/yoast-seo-wordpress\/ -->\n<title>Impressum - K\u00f6lner Faltboot-Club e.V.<\/title>\n<meta name=\"robots\" content=\"index, follow, max-snippet:-1, max-image-preview:large, max-video-preview:-1\" \/>\n<link rel=\"canonical\" href=\"https:\/\/kfc-koeln.de\/index.php\/impressum\/\" \/>\n<meta property=\"og:locale\" content=\"de_DE\" \/>\n<meta property=\"og:type\" content=\"article\" \/>\n<meta property=\"og:title\" content=\"Impressum - K\u00f6lner Faltboot-Club e.V.\" \/>\n<meta property=\"og:url\" content=\"https:\/\/kfc-koeln.de\/index.php\/impressum\/\" \/>\n<meta property=\"og:site_name\" content=\"K\u00f6lner Faltboot-Club e.V.\" \/>\n<meta property=\"article:modified_time\" content=\"2025-06-18T13:40:34+00:00\" \/>\n<meta name=\"twitter:card\" content=\"summary_large_image\" \/>\n<meta name=\"twitter:label1\" content=\"Gesch\u00e4tzte Lesezeit\" \/>\n\t<meta name=\"twitter:data1\" content=\"3\u00a0Minuten\" \/>\n<script type=\"application\/ld+json\" class=\"yoast-schema-graph\">{\"@context\":\"https:\\\/\\\/schema.org\",\"@graph\":[{\"@type\":\"WebPage\",\"@id\":\"https:\\\/\\\/kfc-koeln.de\\\/index.php\\\/impressum\\\/\",\"url\":\"https:\\\/\\\/kfc-koeln.de\\\/index.php\\\/impressum\\\/\",\"name\":\"Impressum - K\u00f6lner Faltboot-Club e.V.\",\"isPartOf\":{\"@id\":\"https:\\\/\\\/kfc-koeln.de\\\/#website\"},\"datePublished\":\"2019-01-20T12:16:57+00:00\",\"dateModified\":\"2025-06-18T13:40:34+00:00\",\"breadcrumb\":{\"@id\":\"https:\\\/\\\/kfc-koeln.de\\\/index.php\\\/impressum\\\/#breadcrumb\"},\"inLanguage\":\"de\",\"potentialAction\":[{\"@type\":\"ReadAction\",\"target\":[\"https:\\\/\\\/kfc-koeln.de\\\/index.php\\\/impressum\\\/\"]}]},{\"@type\":\"BreadcrumbList\",\"@id\":\"https:\\\/\\\/kfc-koeln.de\\\/index.php\\\/impressum\\\/#breadcrumb\",\"itemListElement\":[{\"@type\":\"ListItem\",\"position\":1,\"name\":\"Home\",\"item\":\"https:\\\/\\\/kfc-koeln.de\\\/\"},{\"@type\":\"ListItem\",\"position\":2,\"name\":\"Impressum\"}]},{\"@type\":\"WebSite\",\"@id\":\"https:\\\/\\\/kfc-koeln.de\\\/#website\",\"url\":\"https:\\\/\\\/kfc-koeln.de\\\/\",\"name\":\"KFC\",\"description\":\"\",\"potentialAction\":[{\"@type\":\"SearchAction\",\"target\":{\"@type\":\"EntryPoint\",\"urlTemplate\":\"https:\\\/\\\/kfc-koeln.de\\\/?s={search_term_string}\"},\"query-input\":{\"@type\":\"PropertyValueSpecification\",\"valueRequired\":true,\"valueName\":\"search_term_string\"}}],\"inLanguage\":\"de\"}]}<\/script>\n<!-- \/ Yoast SEO plugin. -->","yoast_head_json":{"title":"Impressum - K\u00f6lner Faltboot-Club e.V.","robots":{"index":"index","follow":"follow","max-snippet":"max-snippet:-1","max-image-preview":"max-image-preview:large","max-video-preview":"max-video-preview:-1"},"canonical":"https:\/\/kfc-koeln.de\/index.php\/impressum\/","og_locale":"de_DE","og_type":"article","og_title":"Impressum - K\u00f6lner Faltboot-Club e.V.","og_url":"https:\/\/kfc-koeln.de\/index.php\/impressum\/","og_site_name":"K\u00f6lner Faltboot-Club e.V.","article_modified_time":"2025-06-18T13:40:34+00:00","twitter_card":"summary_large_image","twitter_misc":{"Gesch\u00e4tzte Lesezeit":"3\u00a0Minuten"},"schema":{"@context":"https:\/\/schema.org","@graph":[{"@type":"WebPage","@id":"https:\/\/kfc-koeln.de\/index.php\/impressum\/","url":"https:\/\/kfc-koeln.de\/index.php\/impressum\/","name":"Impressum - K\u00f6lner Faltboot-Club e.V.","isPartOf":{"@id":"https:\/\/kfc-koeln.de\/#website"},"datePublished":"2019-01-20T12:16:57+00:00","dateModified":"2025-06-18T13:40:34+00:00","breadcrumb":{"@id":"https:\/\/kfc-koeln.de\/index.php\/impressum\/#breadcrumb"},"inLanguage":"de","potentialAction":[{"@type":"ReadAction","target":["https:\/\/kfc-koeln.de\/index.php\/impressum\/"]}]},{"@type":"BreadcrumbList","@id":"https:\/\/kfc-koeln.de\/index.php\/impressum\/#breadcrumb","itemListElement":[{"@type":"ListItem","position":1,"name":"Home","item":"https:\/\/kfc-koeln.de\/"},{"@type":"ListItem","position":2,"name":"Impressum"}]},{"@type":"WebSite","@id":"https:\/\/kfc-koeln.de\/#website","url":"https:\/\/kfc-koeln.de\/","name":"KFC","description":"","potentialAction":[{"@type":"SearchAction","target":{"@type":"EntryPoint","urlTemplate":"https:\/\/kfc-koeln.de\/?s={search_term_string}"},"query-input":{"@type":"PropertyValueSpecification","valueRequired":true,"valueName":"search_term_string"}}],"inLanguage":"de"}]}},"_links":{"self":[{"href":"https:\/\/kfc-koeln.de\/index.php\/wp-json\/wp\/v2\/pages\/139","targetHints":{"allow":["GET"]}}],"collection":[{"href":"https:\/\/kfc-koeln.de\/index.php\/wp-json\/wp\/v2\/pages"}],"about":[{"href":"https:\/\/kfc-koeln.de\/index.php\/wp-json\/wp\/v2\/types\/page"}],"author":[{"embeddable":true,"href":"https:\/\/kfc-koeln.de\/index.php\/wp-json\/wp\/v2\/users\/1"}],"replies":[{"embeddable":true,"href":"https:\/\/kfc-koeln.de\/index.php\/wp-json\/wp\/v2\/comments?post=139"}],"version-history":[{"count":5,"href":"https:\/\/kfc-koeln.de\/index.php\/wp-json\/wp\/v2\/pages\/139\/revisions"}],"predecessor-version":[{"id":249,"href":"https:\/\/kfc-koeln.de\/index.php\/wp-json\/wp\/v2\/pages\/139\/revisions\/249"}],"wp:attachment":[{"href":"https:\/\/kfc-koeln.de\/index.php\/wp-json\/wp\/v2\/media?parent=139"}],"curies":[{"name":"wp","href":"https:\/\/api.w.org\/{rel}","templated":true}]}}